{"id":58,"date":"2021-03-19T06:48:34","date_gmt":"2021-03-19T06:48:34","guid":{"rendered":"https:\/\/coris.isciii.es\/?page_id=58"},"modified":"2025-12-17T14:20:41","modified_gmt":"2025-12-17T13:20:41","slug":"politica-de-privacidad","status":"publish","type":"page","link":"https:\/\/coris.isciii.es\/en\/politica-de-privacidad\/","title":{"rendered":"Privacy Policy"},"content":{"rendered":"<p>En virtud de las obligaciones establecidas en la normativa vigente en materia de protecci\u00f3n de datos, en especial la Ley Org\u00e1nica 3\/2018, de 5 de diciembre, de Protecci\u00f3n de Datos Personales y Garant\u00eda de Derechos Digitales, se muestra a continuaci\u00f3n la informaci\u00f3n de contacto del Responsable de Tratamiento.<\/p>\n<p><strong>Responsable de Tratamiento de Datos Personales:<\/strong><\/p>\n<p><strong>Identidad:<\/strong>\u202fInstituto de Salud Carlos III O.A., M.P. (en adelante, \u201cISCIII\u201d)<br \/>\n<strong>CIF: <\/strong>Q2827015E<br \/>\n<strong>Direcci\u00f3n postal:<\/strong> Avda. de Monforte de Lemos, 5, 28029 Madrid<br \/>\n<strong>Correo electr\u00f3nico: <\/strong><a href=\"mailto:dpd@isciii.es\">dpd@isciii.es<\/a><\/p>\n<p>&nbsp;<\/p>\n<ol>\n<li><strong> \u00bfQU\u00c9 SON LOS DATOS PERSONALES?<\/strong><\/li>\n<\/ol>\n<p>La regulaci\u00f3n considera datos personales a cualquier informaci\u00f3n relativa a una persona que permita su identificaci\u00f3n.<\/p>\n<p><strong>PRINCIPIOS PARA EL TRATAMIENTO DE DATOS<\/strong><\/p>\n<p>El tratamiento de datos personales se rige por los siguientes principios, que se corresponden con los contenidos en la normativa aplicable en materia de protecci\u00f3n de datos:<\/p>\n<p><strong>Principio de licitud, lealtad y transparencia:\u202f<\/strong>Siempre se requerir\u00e1 el consentimiento para el tratamiento de los datos personales del usuario para uno o varios fines espec\u00edficos sobre los que recibir\u00e1 previa informaci\u00f3n, salvo que exista otra base legal para realizar el tratamiento, como puede ser el cumplimiento de una obligaci\u00f3n legal.<\/p>\n<p><strong>Principio de minimizaci\u00f3n de datos:\u202f<\/strong>S\u00f3lo se solicitar\u00e1n los datos estrictamente necesarios en relaci\u00f3n con los fines para los que se requieren.<\/p>\n<p><strong>Principio de limitaci\u00f3n del plazo de conservaci\u00f3n:\u202f<\/strong>Los datos ser\u00e1n mantenidos durante no m\u00e1s tiempo del necesario para los fines del tratamiento, en funci\u00f3n de la finalidad.<\/p>\n<p><strong>Principio de integridad y confidencialidad:\u202f<\/strong>Sus datos ser\u00e1n tratados de tal manera que se garantice una seguridad adecuada de los datos personales y se garantice su confidencialidad.<\/p>\n<ol start=\"2\">\n<li><strong> FINALIDAD, LEGITIMACI\u00d3N, CATEGOR\u00cdA DE LOS DATOS RECABADOS, CONSENTIMIENTO AL TRATAMIENTO, MENORES DE EDAD.<\/strong><\/li>\n<\/ol>\n<p><strong>2.1 FINALIDAD.<\/strong><\/p>\n<p>El ISCIII podr\u00e1 recabar datos personales de acuerdo con los siguientes prop\u00f3sitos:<\/p>\n<ol>\n<li>Dar curso a las solicitudes y gestionar inscripciones.<\/li>\n<li>Resoluci\u00f3n de consultas recibidas a trav\u00e9s del formulario de contacto.<\/li>\n<li>Informar sobre los miembros de la Unidad de Coordinaci\u00f3n de Coris y del Comit\u00e9 Ejecutivo.<\/li>\n<li>Remisi\u00f3n de boletines electr\u00f3nicos de noticias e informaci\u00f3n<\/li>\n<\/ol>\n<p><strong>2.2 MENORES DE EDAD.<\/strong><\/p>\n<p>Para acceder a los servicios prestados a trav\u00e9s de esta p\u00e1gina web es necesario ser mayor de edad. En el caso de los menores de 14 a\u00f1os, ser\u00e1 condici\u00f3n obligatoria el consentimiento de los padres o tutores para que puedan tratarse los datos personales. Si no se ha obtenido el consentimiento de los padres, no se puede realizar ninguna solicitud de informaci\u00f3n a trav\u00e9s de esta p\u00e1gina web, por lo que se proceder\u00e1 a denegar tu solicitud en caso de tener constancia de ello.<\/p>\n<p><strong>2.3 LEGITIMACI\u00d3N.<\/strong><\/p>\n<p><strong>\u00bfQu\u00e9 datos personales del Usuario procesar\u00e1 el ISCIII?<\/strong><\/p>\n<p>El ISCIII procesar\u00e1 las siguientes categor\u00edas de datos del Usuario:<\/p>\n<ol>\n<li>Dar curso a las solicitudes y gestionar inscripciones.<\/li>\n<\/ol>\n<ul>\n<li>Datos identificativos: nombre y apellidos<\/li>\n<li>Datos de contacto: correo electr\u00f3nico\n<ol start=\"2\">\n<li>Resoluci\u00f3n de consultas recibidas a trav\u00e9s del formulario de contacto.\n<ul>\n<li>Datos identificativos: nombre y apellidos<\/li>\n<li>Datos de contacto: correo electr\u00f3nico<\/li>\n<\/ul>\n<\/li>\n<li>Informar sobre los miembros de la Unidad de Coordinaci\u00f3n de Coris y del Comit\u00e9 Ejecutivo.\n<ul>\n<li>Datos identificativos: nombre y apellidos.<\/li>\n<\/ul>\n<\/li>\n<\/ol>\n<\/li>\n<\/ul>\n<ol start=\"4\">\n<li>Remisi\u00f3n de boletines electr\u00f3nicos de noticias e informaci\u00f3n\n<ul>\n<li>Datos de contacto: correo electr\u00f3nico<\/li>\n<\/ul>\n<\/li>\n<\/ol>\n<p>En el caso de que el Usuario proporcione datos de terceros, declara tener el consentimiento de dicho tercero y acepta transferirle la informaci\u00f3n contenida en la Pol\u00edtica de Privacidad, eximiendo al ISCIII de cualquier responsabilidad al respecto. No obstante, el ISCIII podr\u00e1 realizar verificaciones peri\u00f3dicas para comprobar este hecho, adoptando las medidas de diligencia correspondientes de acuerdo con la normativa de protecci\u00f3n de datos.<\/p>\n<p><strong>\u00bfCu\u00e1l es la legitimidad del tratamiento de los datos de los usuarios?<\/strong><\/p>\n<p>La legitimidad del tratamiento de los datos personales ser\u00e1 la siguiente:\u00a0consentimiento del interesado.<\/p>\n<ol>\n<li>Dar curso a las solicitudes y gestionar inscripciones: consentimiento del interesado.<\/li>\n<li>Resoluci\u00f3n de consultas recibidas a trav\u00e9s del formulario de contacto: consentimiento del interesado.<\/li>\n<li>Informar sobre los miembros de la Unidad de Coordinaci\u00f3n de Coris y del Comit\u00e9 Ejecutivo: consentimiento del interesado.<\/li>\n<li>Remisi\u00f3n de boletines electr\u00f3nicos de noticias e informaci\u00f3n: consentimiento del interesado.<\/li>\n<\/ol>\n<p><strong>2.4 TIEMPO DE CONSERVACI\u00d3N DE LOS DATOS.<\/strong><\/p>\n<p>El ISCIII tratar\u00e1 sus datos durante el tiempo necesario para la atenci\u00f3n de las solicitudes realizadas por el usuario. En este sentido, una vez finalice este plazo, mantendremos bloqueados sus datos personales durante el plazo de prescripci\u00f3n de las acciones que pudieran derivarse de la relaci\u00f3n mantenida con usted o para la atenci\u00f3n de requerimientos de autoridades p\u00fablicas.<\/p>\n<ol start=\"3\">\n<li><strong> COMUNICACI\u00d3N DE DATOS A TERCEROS.<\/strong><\/li>\n<\/ol>\n<p>Los datos de los usuarios pueden ser comunicados a las autoridades p\u00fablicas, en los casos previstos por la ley o en cumplimiento de una orden judicial.<\/p>\n<p>Para poder gestionar debidamente el servicio prestado y los datos personales de sus usuarios, el ISCIII podr\u00e1 contar con la colaboraci\u00f3n de terceros proveedores de servicios que pueden tener acceso a sus datos personales y que tratar\u00e1n los referidos datos en nombre y por cuenta del ISCIII como consecuencia de su prestaci\u00f3n de servicios. El ISCIII se compromete a seleccionar proveedores que cumplan el marco normativo vigente en materia de protecci\u00f3n de datos personales.<\/p>\n<ol start=\"4\">\n<li><strong> TRANSFERENCIAS INTERNACIONALES DE DATOS.<\/strong><\/li>\n<\/ol>\n<p>Se informa al Usuario que en relaci\u00f3n con el tratamiento de datos personales que se realiza a trav\u00e9s de la p\u00e1gina web del ISCIII no se realizan transferencias internacionales de datos personales.<\/p>\n<ol start=\"5\">\n<li><strong> SEGURIDAD DE LOS DATOS<\/strong>.<\/li>\n<\/ol>\n<p>El ISCIII tratar\u00e1 los datos del Usuario en todo momento de forma absolutamente confidencial y guardar\u00e1 el debido deber de secreto respecto de los mismos, de acuerdo con lo establecido en la normativa aplicable, adoptando para ello las medidas t\u00e9cnicas y organizativas necesarias para garantizar la seguridad de los datos del Usuario y evitar su alteraci\u00f3n, p\u00e9rdida, tratamiento o acceso no autorizado, habida cuenta del estado de la tecnolog\u00eda, la naturaleza de los datos almacenados y los riesgos a que est\u00e1n expuestos.<\/p>\n<ol start=\"6\">\n<li><strong> EJERCICIO DE DERECHOS.<\/strong><\/li>\n<\/ol>\n<p>Aquellas personas f\u00edsicas que hayan facilitado sus datos a trav\u00e9s de\u00a0<strong>www.iier.isciii.es<\/strong>, podr\u00e1n dirigirse al titular de la misma, con el fin de poder ejercitar gratuitamente sus derechos en materia de protecci\u00f3n de datos.<\/p>\n<p>El Usuario tiene derecho a obtener confirmaci\u00f3n sobre si el ISCIII trata datos personales que le conciernen, as\u00ed como a acceder a sus datos personales, solicitar la rectificaci\u00f3n de los datos inexactos o, en su caso, solicitar su supresi\u00f3n cuando, entre otros motivos, los datos ya no sean necesarios para los fines que fueron recogidos.<\/p>\n<p>En determinadas circunstancias, el Usuario podr\u00e1 solicitar la limitaci\u00f3n del tratamiento de sus datos, en cuyo caso \u00fanicamente se conservar\u00e1n para el ejercicio o la defensa de reclamaciones.<\/p>\n<p>En determinadas circunstancias y por motivos relacionados con su situaci\u00f3n particular, el Usuario podr\u00e1 oponerse al tratamiento de sus datos. El ISCIII cesar\u00e1 en el tratamiento de los datos, salvo por motivos legales o el ejercicio o la defensa de posibles reclamaciones.<\/p>\n<p>El Usuario podr\u00e1 ejercer el derecho a la portabilidad de sus datos, en un formato estructurado, de uso com\u00fan y lectura mec\u00e1nica, y a transmitirlos a otro responsable del tratamiento. Dicha acci\u00f3n podr\u00eda conllevar un canon razonable a abonar por el Usuario, en funci\u00f3n de los costes administrativos afrontados para satisfacer la solicitud, de conformidad con la normativa.<\/p>\n<p>El Usuario podr\u00e1 plantear las cuestiones que considere en relaci\u00f3n con la presente Pol\u00edtica, as\u00ed como ejercer sus derechos en los t\u00e9rminos legalmente previstos debiendo para ello dirigir una comunicaci\u00f3n mediante correo electr\u00f3nico o postal al Responsable de Tratamiento con indicaci\u00f3n de la solicitud correspondiente.<\/p>\n<p>El interesado podr\u00e1 ejercitar sus derechos mediante comunicaci\u00f3n por escrito dirigida al ISCIII con la referencia\u202f\u201cProtecci\u00f3n de datos\u201d, especificando sus datos, acreditando su identidad y los motivos de su solicitud en la siguiente direcci\u00f3n: <a href=\"mailto:dpd@isciii.es\">dpd@isciii.es<\/a><\/p>\n<p>En caso de no obtener satisfacci\u00f3n en el ejercicio de sus derechos, podr\u00e1 presentar una reclamaci\u00f3n ante la Agencia Espa\u00f1ola de Protecci\u00f3n de Datos (<a href=\"http:\/\/www.aepd.es\">www.aepd.es<\/a>).<\/p>\n<ol start=\"7\">\n<li><strong> MODIFICACI\u00d3N DE LA POL\u00cdTICA DE PRIVACIDAD WEB.<\/strong><\/li>\n<\/ol>\n<p>El ISCIII se reserva el derecho de revisar su Pol\u00edtica de Privacidad en cualquier momento, en cuyo caso se informar\u00e1 a los Usuarios. Por esta raz\u00f3n, le rogamos que revise regularmente esta declaraci\u00f3n de privacidad para conocer la \u00faltima versi\u00f3n de la Pol\u00edtica de Privacidad de esta p\u00e1gina web.<\/p>\n<ol start=\"8\">\n<li><strong> INFORMACI\u00d3N ADICIONAL<\/strong><\/li>\n<\/ol>\n<p>Para m\u00e1s informaci\u00f3n puede consultar la Pol\u00edtica General de Privacidad del ISCIII y el Registro de actividades de tratamiento de datos de car\u00e1cter personal, accesible a trav\u00e9s de su Portal de Transparencia: <a href=\"https:\/\/transparencia.isciii.es\/\">Inicio &#8211; Portal de Transparencia &#8211; ISCIII Portal Web<\/a><\/p>","protected":false},"excerpt":{"rendered":"<p>En virtud de las obligaciones establecidas en la normativa vigente en materia de protecci\u00f3n de datos, en especial la Ley Org\u00e1nica 3\/2018, de 5 de diciembre, de Protecci\u00f3n de Datos Personales y Garant\u00eda de Derechos Digitales, se muestra a continuaci\u00f3n la informaci\u00f3n de contacto del Responsable de Tratamiento. Responsable de Tratamiento de Datos Personales: Identidad:\u202fInstituto [&hellip;]<\/p>\n","protected":false},"author":1,"featured_media":0,"parent":0,"menu_order":29,"comment_status":"closed","ping_status":"closed","template":"","meta":{"_acf_changed":false,"footnotes":""},"class_list":["post-58","page","type-page","status-publish","hentry"],"acf":[],"yoast_head":"<!-- This site is optimized with the Yoast SEO plugin v27.4 - https:\/\/yoast.com\/product\/yoast-seo-wordpress\/ -->\n<title>Pol\u00edtica de Privacidad - CoRIS<\/title>\n<meta name=\"robots\" content=\"index, follow, max-snippet:-1, max-image-preview:large, max-video-preview:-1\" \/>\n<link rel=\"canonical\" href=\"https:\/\/coris.isciii.es\/en\/politica-de-privacidad\/\" \/>\n<meta property=\"og:locale\" content=\"en_US\" \/>\n<meta property=\"og:type\" content=\"article\" \/>\n<meta property=\"og:title\" content=\"Pol\u00edtica de Privacidad - CoRIS\" \/>\n<meta property=\"og:description\" content=\"En virtud de las obligaciones establecidas en la normativa vigente en materia de protecci\u00f3n de datos, en especial la Ley Org\u00e1nica 3\/2018, de 5 de diciembre, de Protecci\u00f3n de Datos Personales y Garant\u00eda de Derechos Digitales, se muestra a continuaci\u00f3n la informaci\u00f3n de contacto del Responsable de Tratamiento. Responsable de Tratamiento de Datos Personales: Identidad:\u202fInstituto [&hellip;]\" \/>\n<meta property=\"og:url\" content=\"https:\/\/coris.isciii.es\/en\/politica-de-privacidad\/\" \/>\n<meta property=\"og:site_name\" content=\"CoRIS\" \/>\n<meta property=\"article:modified_time\" content=\"2025-12-17T13:20:41+00:00\" \/>\n<meta name=\"twitter:card\" content=\"summary_large_image\" \/>\n<meta name=\"twitter:label1\" content=\"Est. reading time\" \/>\n\t<meta name=\"twitter:data1\" content=\"7 minutes\" \/>\n<script type=\"application\/ld+json\" class=\"yoast-schema-graph\">{\"@context\":\"https:\\\/\\\/schema.org\",\"@graph\":[{\"@type\":\"WebPage\",\"@id\":\"https:\\\/\\\/coris.isciii.es\\\/politica-de-privacidad\\\/\",\"url\":\"https:\\\/\\\/coris.isciii.es\\\/politica-de-privacidad\\\/\",\"name\":\"Pol\u00edtica de Privacidad - CoRIS\",\"isPartOf\":{\"@id\":\"https:\\\/\\\/coris.isciii.es\\\/#website\"},\"datePublished\":\"2021-03-19T06:48:34+00:00\",\"dateModified\":\"2025-12-17T13:20:41+00:00\",\"breadcrumb\":{\"@id\":\"https:\\\/\\\/coris.isciii.es\\\/politica-de-privacidad\\\/#breadcrumb\"},\"inLanguage\":\"en-US\",\"potentialAction\":[{\"@type\":\"ReadAction\",\"target\":[\"https:\\\/\\\/coris.isciii.es\\\/politica-de-privacidad\\\/\"]}]},{\"@type\":\"BreadcrumbList\",\"@id\":\"https:\\\/\\\/coris.isciii.es\\\/politica-de-privacidad\\\/#breadcrumb\",\"itemListElement\":[{\"@type\":\"ListItem\",\"position\":1,\"name\":\"Portada\",\"item\":\"https:\\\/\\\/coris.isciii.es\\\/\"},{\"@type\":\"ListItem\",\"position\":2,\"name\":\"Pol\u00edtica de Privacidad\"}]},{\"@type\":\"WebSite\",\"@id\":\"https:\\\/\\\/coris.isciii.es\\\/#website\",\"url\":\"https:\\\/\\\/coris.isciii.es\\\/\",\"name\":\"CoRIS\",\"description\":\"\",\"potentialAction\":[{\"@type\":\"SearchAction\",\"target\":{\"@type\":\"EntryPoint\",\"urlTemplate\":\"https:\\\/\\\/coris.isciii.es\\\/?s={search_term_string}\"},\"query-input\":{\"@type\":\"PropertyValueSpecification\",\"valueRequired\":true,\"valueName\":\"search_term_string\"}}],\"inLanguage\":\"en-US\"}]}<\/script>\n<!-- \/ Yoast SEO plugin. -->","yoast_head_json":{"title":"Pol\u00edtica de Privacidad - CoRIS","robots":{"index":"index","follow":"follow","max-snippet":"max-snippet:-1","max-image-preview":"max-image-preview:large","max-video-preview":"max-video-preview:-1"},"canonical":"https:\/\/coris.isciii.es\/en\/politica-de-privacidad\/","og_locale":"en_US","og_type":"article","og_title":"Pol\u00edtica de Privacidad - CoRIS","og_description":"En virtud de las obligaciones establecidas en la normativa vigente en materia de protecci\u00f3n de datos, en especial la Ley Org\u00e1nica 3\/2018, de 5 de diciembre, de Protecci\u00f3n de Datos Personales y Garant\u00eda de Derechos Digitales, se muestra a continuaci\u00f3n la informaci\u00f3n de contacto del Responsable de Tratamiento. Responsable de Tratamiento de Datos Personales: Identidad:\u202fInstituto [&hellip;]","og_url":"https:\/\/coris.isciii.es\/en\/politica-de-privacidad\/","og_site_name":"CoRIS","article_modified_time":"2025-12-17T13:20:41+00:00","twitter_card":"summary_large_image","twitter_misc":{"Est. reading time":"7 minutes"},"schema":{"@context":"https:\/\/schema.org","@graph":[{"@type":"WebPage","@id":"https:\/\/coris.isciii.es\/politica-de-privacidad\/","url":"https:\/\/coris.isciii.es\/politica-de-privacidad\/","name":"Pol\u00edtica de Privacidad - CoRIS","isPartOf":{"@id":"https:\/\/coris.isciii.es\/#website"},"datePublished":"2021-03-19T06:48:34+00:00","dateModified":"2025-12-17T13:20:41+00:00","breadcrumb":{"@id":"https:\/\/coris.isciii.es\/politica-de-privacidad\/#breadcrumb"},"inLanguage":"en-US","potentialAction":[{"@type":"ReadAction","target":["https:\/\/coris.isciii.es\/politica-de-privacidad\/"]}]},{"@type":"BreadcrumbList","@id":"https:\/\/coris.isciii.es\/politica-de-privacidad\/#breadcrumb","itemListElement":[{"@type":"ListItem","position":1,"name":"Portada","item":"https:\/\/coris.isciii.es\/"},{"@type":"ListItem","position":2,"name":"Pol\u00edtica de Privacidad"}]},{"@type":"WebSite","@id":"https:\/\/coris.isciii.es\/#website","url":"https:\/\/coris.isciii.es\/","name":"CoRIS","description":"","potentialAction":[{"@type":"SearchAction","target":{"@type":"EntryPoint","urlTemplate":"https:\/\/coris.isciii.es\/?s={search_term_string}"},"query-input":{"@type":"PropertyValueSpecification","valueRequired":true,"valueName":"search_term_string"}}],"inLanguage":"en-US"}]}},"_links":{"self":[{"href":"https:\/\/coris.isciii.es\/en\/wp-json\/wp\/v2\/pages\/58","targetHints":{"allow":["GET"]}}],"collection":[{"href":"https:\/\/coris.isciii.es\/en\/wp-json\/wp\/v2\/pages"}],"about":[{"href":"https:\/\/coris.isciii.es\/en\/wp-json\/wp\/v2\/types\/page"}],"author":[{"embeddable":true,"href":"https:\/\/coris.isciii.es\/en\/wp-json\/wp\/v2\/users\/1"}],"replies":[{"embeddable":true,"href":"https:\/\/coris.isciii.es\/en\/wp-json\/wp\/v2\/comments?post=58"}],"version-history":[{"count":15,"href":"https:\/\/coris.isciii.es\/en\/wp-json\/wp\/v2\/pages\/58\/revisions"}],"predecessor-version":[{"id":3184,"href":"https:\/\/coris.isciii.es\/en\/wp-json\/wp\/v2\/pages\/58\/revisions\/3184"}],"wp:attachment":[{"href":"https:\/\/coris.isciii.es\/en\/wp-json\/wp\/v2\/media?parent=58"}],"curies":[{"name":"wp","href":"https:\/\/api.w.org\/{rel}","templated":true}]}}